{"id":70,"date":"2019-03-05T13:37:16","date_gmt":"2019-03-05T13:37:16","guid":{"rendered":"https:\/\/cistoca-imotske-krajine.hr\/cms\/?page_id=70"},"modified":"2025-06-10T13:39:00","modified_gmt":"2025-06-10T13:39:00","slug":"o-nama","status":"publish","type":"page","link":"https:\/\/cistoca-imotske-krajine.hr\/cms\/o-nama\/","title":{"rendered":"O nama"},"content":{"rendered":"<p>[et_pb_section fb_built=&#8221;1&#8243; admin_label=&#8221;section&#8221; _builder_version=&#8221;3.19.18&#8243; background_color=&#8221;#ffffff&#8221; use_background_color_gradient=&#8221;on&#8221; background_color_gradient_start=&#8221;#ffffff&#8221; background_color_gradient_end=&#8221;#ffffff&#8221; background_color_gradient_type=&#8221;radial&#8221; background_color_gradient_start_position=&#8221;52%&#8221;][et_pb_row custom_padding=&#8221;27px|0px|10px|0px|false|false&#8221; admin_label=&#8221;row&#8221; _builder_version=&#8221;3.19.18&#8243; background_size=&#8221;initial&#8221; background_position=&#8221;top_left&#8221; background_repeat=&#8221;repeat&#8221;][et_pb_column type=&#8221;4_4&#8243; _builder_version=&#8221;3.0.47&#8243;][et_pb_text _builder_version=&#8221;3.19.18&#8243; text_font=&#8221;Convergence|700|||||||&#8221; text_text_color=&#8221;#000000&#8243; background_size=&#8221;initial&#8221; background_position=&#8221;top_left&#8221; background_repeat=&#8221;repeat&#8221; text_orientation=&#8221;justified&#8221;]<\/p>\n<p>\u010cisto\u0107a Imotske krajine d.o.o. je dru\u0161tvo s ograni\u010denom odgovorno\u0161\u0107u registrirano za sakupljanje i zbrinjavanje otpada, recikla\u017eu nemetalnih ostataka i otpadaka.<\/p>\n<p>Obavlja\u00a0 poslove sakupljanja komunalnog otpada kao i izdvojenog otpada: papir, plastika, staklo, tekstil i biootpad za op\u0107ine:<br \/> Podbablje, Prolo\u017eac, Cista Provo, Lovre\u0107, Runovi\u0107, Zmijavci, Lokvi\u010di\u0107i i Zagvozd.<\/p>\n<p>Izdvojeni otpad se odla\u017ee na prostoru odre\u0111enom za recikla\u017eno dvori\u0161te &#8220;Poljica&#8221;.<\/p>\n<p>Dru\u0161tvo je u vlasni\u0161tvu op\u0107ina Podbablje, Prolo\u017eac, Cista Provo, Lovre\u0107, Runovi\u0107, Zmijavci, Lokvi\u010di\u0107i i Zagvozd.<\/p>\n<p>[\/et_pb_text][\/et_pb_column][\/et_pb_row][et_pb_row custom_padding=&#8221;55px|0px|79px|0px|false|false&#8221; _builder_version=&#8221;3.19.18&#8243; background_size=&#8221;initial&#8221; background_position=&#8221;top_left&#8221; background_repeat=&#8221;repeat&#8221;][et_pb_column type=&#8221;1_3&#8243; _builder_version=&#8221;3.0.47&#8243;][et_pb_toggle title=&#8221;SKUP\u0160TINA DRU\u0160TVA&#8221; closed_toggle_text_color=&#8221;#000000&#8243; closed_toggle_background_color=&#8221;#ffffff&#8221; icon_color=&#8221;#000000&#8243; _builder_version=&#8221;3.19.18&#8243; title_font=&#8221;|700|||||||&#8221; border_radii=&#8221;on|35px|35px|35px|35px&#8221; border_width_all=&#8221;8px&#8221; border_color_all=&#8221;#82c603&#8243; text_orientation=&#8221;center&#8221; icon_color__hover_enabled=&#8221;on&#8221;]<\/p>\n<p>Skup\u0161tina Dru\u0161tva odlu\u010duje o:<br \/> godi\u0161njem financijskom izvje\u0161\u0107u, pove\u0107anju i smanjenju temeljnog kapitala, podjeli i povla\u010denja poslovnih udjela, statusnim promjenama, raspodjeli dobiti, o cijeni pru\u017eanja usluge, o izboru i razrje\u0161enju \u010dlana Uprave \u2013 direktora.<\/p>\n<p>Skup\u0161tina Dru\u0161tva broji 8 \u010dlanova:<\/p>\n<p>Op\u0107ina\u00a0Podbablje \u2013 Ivan Karin<\/p>\n<p>Op\u0107ina\u00a0Prolo\u017eac \u2013 Branimir Mikuli\u0107<\/p>\n<p>Op\u0107ina\u00a0Cista Provo \u2013 Bo\u017eo \u010cubi\u0107 (predsjednik)<\/p>\n<p>Op\u0107ina\u00a0Lovre\u0107 \u2013 Petar Petri\u010devi\u0107<\/p>\n<p>Op\u0107ina\u00a0Runovi\u0107 \u2013 Mario Repu\u0161i\u0107<\/p>\n<p>Op\u0107ina\u00a0Zmijavci \u2013 Mijo \u0160uto<\/p>\n<p>Op\u0107ina\u00a0Lokvi\u010di\u0107i \u2013 Branko Knezovi\u0107<\/p>\n<p style=\"text-align: center;\">Op\u0107ina\u00a0Zagvozd \u2013 Miroslav Ga\u0107e<\/p>\n<p>[\/et_pb_toggle][\/et_pb_column][et_pb_column type=&#8221;1_3&#8243; _builder_version=&#8221;3.0.47&#8243;][et_pb_toggle title=&#8221;UPRAVA DRU\u0160TVA&#8221; closed_toggle_text_color=&#8221;#000000&#8243; closed_toggle_background_color=&#8221;#ffffff&#8221; icon_color=&#8221;#000000&#8243; _builder_version=&#8221;3.19.18&#8243; title_font=&#8221;|700|||||||&#8221; border_radii=&#8221;on|35px|35px|35px|35px&#8221; border_width_all=&#8221;8px&#8221; border_color_all=&#8221;#82c603&#8243; text_orientation=&#8221;center&#8221; icon_color__hover_enabled=&#8221;on&#8221;]<\/p>\n<p style=\"text-align: center;\">Uprava Dru\u0161tva se sastoji od jednog \u010dlana, direktora Dru\u0161tva.<\/p>\n<p style=\"text-align: center;\">Direktora imenuje Skup\u0161tina na 4 godine s tim da ga se mo\u017ee ponovno imenovati.<\/p>\n<p style=\"text-align: center;\">Uprava Dru\u0161tva vodi poslove sukladno Dru\u0161tvenom Ugovoru i odlukama Skup\u0161tine.<\/p>\n<p>[\/et_pb_toggle][\/et_pb_column][et_pb_column type=&#8221;1_3&#8243; _builder_version=&#8221;3.0.47&#8243;][et_pb_toggle title=&#8221;USLUGE&#8221; closed_toggle_text_color=&#8221;#000000&#8243; closed_toggle_background_color=&#8221;#ffffff&#8221; icon_color=&#8221;#000000&#8243; _builder_version=&#8221;3.19.18&#8243; title_font=&#8221;|700|||||||&#8221; border_radii=&#8221;on|35px|35px|35px|35px&#8221; border_width_all=&#8221;8px&#8221; border_color_all=&#8221;#82c603&#8243; text_orientation=&#8221;center&#8221; icon_color__hover_enabled=&#8221;on&#8221;]<\/p>\n<p>\u010cisto\u0107a Imotske krajine d.o.o. ima zadatak obavljati osnovnu djelatnost sakupljanja, odvoza i odlaganja otpada kao i odlo\u017eenih iskoristivih sastojaka otpada.<\/p>\n<p>Registrirana i za slijede\u0107e djelatnosti:<\/p>\n<p>\u2022 Odr\u017eavanje \u010disto\u0107e<br \/> \u2022 Odlaganje komunalnog otpada<br \/> \u2022 Odr\u017eavanje javnih povr\u0161ina<br \/> \u2022 Tr\u017enica na malo<br \/> \u2022 Odr\u017eavanje groblja i krematorija i prijevoz putnika<br \/> \u2022 Skupljanje otpada za potrebe drugih<br \/> \u2022 Prijevoz otpada za potrebe drugih<br \/> \u2022 Posredovanje u organiziranju oporabe i\/ili zbrinjavanje otpada u ime drugih<br \/> \u2022 Skupljanje, oporaba i\/ili zbrinjavanje ( obrada, odlaganje, spaljivanje i drugi na\u010dini zbrinjavanja otpada ), odnosno djelatnost gospodarenja posebnim kategorijama otpada<br \/> \u2022 Uvoz otpada<br \/> \u2022 Izvoz otpada<br \/> \u2022 Kupnja i prodaja robe<br \/> \u2022 Obavljanje trgova\u010dkog posredovanja na doma\u0107em i inozemnom tr\u017ei\u0161tu<br \/> \u2022 Stru\u010dni poslovi prostornog ure\u0111enja<br \/> \u2022 Projektiranje, gra\u0111enje, uporaba i uklanjanje gra\u0111evina<br \/> \u2022 Nadzor nad gradnjom<br \/> \u2022 Cvjetna i hortikulturna ure\u0111enja<br \/> \u2022 Odr\u017eavanje nerazvrstanih cesta<br \/> \u2022 Javna rasvjeta<br \/> \u2022 Organizacija, ure\u0111enje i odr\u017eavanje parkirali\u0161ta<br \/> \u2022 Priprema dokumentacije za EU fondove<\/p>\n<p>Obavlja samo poslove osnovne djelatnosti \u2013 sve poslove u svezi cjelovitog gospodarenja komunalnim otpadom.<\/p>\n<p>Na podru\u010dju svih op\u0107ina se pru\u017ea usluga svim stanovnicima op\u0107ina \u0161to je odre\u0111eno Odlukama o komunalnom redu donesenim od svih op\u0107ina, dakle nitko nije izuzet od obveze kori\u0161tenja usluge.<\/p>\n<p>Ciljevi<\/p>\n<p>Osnovni cilj je imati zadovoljne osobe koje su na bilo koji na\u010din vezane s ovim Dru\u0161tvom, a \u0161to se posti\u017ee kroz:<br \/> \u2022 uredno pru\u017eanje usluge korisnicima<br \/> \u2022 raspolo\u017eivost djelatnika tijekom radnog vremena za pru\u017eanje svih informacija i obrazlo\u017eenja u svezi usluge<br \/> \u2022 brigom o za\u0161titi okoli\u0161a<br \/> \u2022 pove\u0107anje u\u010dinkovitosti kroz razvoj ljudskih potencijala<br \/> \u2022 savjesno i odgovorno ispunjavanje svih obveza prema korisnicima usluge, poslovnim partnerima i djelatnicima Dru\u0161tva<\/p>\n<p>[\/et_pb_toggle][\/et_pb_column][\/et_pb_row][et_pb_row _builder_version=&#8221;3.19.18&#8243; background_size=&#8221;initial&#8221; background_position=&#8221;top_left&#8221; background_repeat=&#8221;repeat&#8221;][et_pb_column type=&#8221;4_4&#8243; _builder_version=&#8221;3.0.47&#8243;][et_pb_text _builder_version=&#8221;3.19.18&#8243; text_font=&#8221;Convergence||||||||&#8221; text_text_color=&#8221;#000000&#8243; background_size=&#8221;initial&#8221; background_position=&#8221;top_left&#8221; background_repeat=&#8221;repeat&#8221; text_orientation=&#8221;justified&#8221;]<\/p>\n<p style=\"text-align: center;\"><strong>Direktor \u010cisto\u0107e Imotske krajine d.o.o. <\/strong><\/p>\n<p style=\"text-align: center;\"><strong>Ante Jovi\u0107, dipl. oec.<\/strong><\/p>\n<p>[\/et_pb_text][\/et_pb_column][\/et_pb_row][et_pb_row _builder_version=&#8221;3.19.18&#8243; background_size=&#8221;initial&#8221; background_position=&#8221;top_left&#8221; background_repeat=&#8221;repeat&#8221;][et_pb_column type=&#8221;3_5&#8243; _builder_version=&#8221;3.0.47&#8243;][et_pb_image src=&#8221;https:\/\/cistoca-imotske-krajine.hr\/cms\/wp-content\/uploads\/2020\/10\/WhatsApp-Image-2020-10-03-at-12.35.18.jpeg&#8221; align=&#8221;right&#8221; _builder_version=&#8221;3.19.18&#8243; border_radii=&#8221;on|35px|35px|35px|35px&#8221; border_width_all=&#8221;6px&#8221; border_color_all=&#8221;#d9d9d9&#8243; max_width=&#8221;64%&#8221; max_width_tablet=&#8221;45%&#8221; max_width_phone=&#8221;62%&#8221; max_width_last_edited=&#8221;on|phone&#8221; module_alignment=&#8221;center&#8221; custom_margin=&#8221;|||&#8221;][\/et_pb_image][\/et_pb_column][et_pb_column type=&#8221;2_5&#8243; _builder_version=&#8221;3.0.47&#8243;][et_pb_toggle title=&#8221;\u017dIVOTOPIS&#8221; closed_toggle_text_color=&#8221;#000000&#8243; closed_toggle_background_color=&#8221;#ffffff&#8221; icon_color=&#8221;#000000&#8243; _builder_version=&#8221;3.19.18&#8243; title_font=&#8221;|700|||||||&#8221; title_text_align=&#8221;center&#8221; title_font_size_phone=&#8221;11px&#8221; title_font_size_last_edited=&#8221;on|desktop&#8221; body_font=&#8221;||||||||&#8221; body_text_align=&#8221;center&#8221; body_font_size_phone=&#8221;14px&#8221; body_font_size_last_edited=&#8221;on|phone&#8221; border_radii=&#8221;on|35px|35px|35px|35px&#8221; border_width_all=&#8221;8px&#8221; border_color_all=&#8221;#82c603&#8243; text_orientation=&#8221;center&#8221; max_width=&#8221;81%&#8221; max_width_phone=&#8221;62%&#8221; max_width_last_edited=&#8221;on|phone&#8221; module_alignment=&#8221;center&#8221; custom_margin=&#8221;|||&#8221; icon_color__hover_enabled=&#8221;on&#8221;]<\/p>\n<p style=\"text-align: center;\">Ro\u0111en u Imotskom, 05.01.1981.<\/p>\n<p style=\"text-align: center;\">__________________________<\/p>\n<p style=\"text-align: center;\">Obrazovanje:<\/p>\n<p style=\"text-align: center;\">&gt; Srednja Ekonomska \u0161kola u Imotskom<\/p>\n<p style=\"text-align: center;\">&gt; EFOS &#8211; Ekonomski fakultet u Osijeku<\/p>\n<p style=\"text-align: center;\">Smjer: Marketing i menad\u017ement<\/p>\n<p style=\"text-align: center;\">________________________<\/p>\n<p style=\"text-align: center;\">Dodatne kompetencije:<\/p>\n<p style=\"text-align: center;\">&gt; \u010clan Nacionalnog vije\u0107a udru\u017eenja komunalnog gospodarstva pri HGK<\/p>\n<p style=\"text-align: center;\">&gt; Specijalist za\u0161tite na radu<\/p>\n<p style=\"text-align: center;\">&gt; Strani jezici: Engleski<\/p>\n<p style=\"text-align: center;\">_________________________<\/p>\n<p style=\"text-align: center;\">Profesionalni razvoj:<\/p>\n<p style=\"text-align: center;\">&gt; Direktor kom. pod. Topana<\/p>\n<p style=\"text-align: center;\">od 07.11.2011. do 06.07.2016.<\/p>\n<p style=\"text-align: center;\">&gt; Direktor \u010cisto\u0107e Imotske krajine<\/p>\n<p style=\"text-align: center;\">od 07.07.2016.<\/p>\n<p style=\"text-align: center;\">_________________________<\/p>\n<p style=\"text-align: center;\"><strong><a href=\"https:\/\/cistoca-imotske-krajine.hr\/cms\/kontakt\/\" rel=\"noopener noreferrer\">Kontakt<\/a><\/strong><\/p>\n<p style=\"text-align: center;\">[\/et_pb_toggle][\/et_pb_column][\/et_pb_row][et_pb_row _builder_version=&#8221;3.0.48&#8243; background_size=&#8221;initial&#8221; background_position=&#8221;top_left&#8221; background_repeat=&#8221;repeat&#8221;][et_pb_column type=&#8221;4_4&#8243; _builder_version=&#8221;3.0.47&#8243;][et_pb_text _builder_version=&#8221;3.19.18&#8243; text_font=&#8221;Convergence||||||||&#8221; text_text_color=&#8221;#000000&#8243; background_size=&#8221;initial&#8221; background_position=&#8221;top_left&#8221; background_repeat=&#8221;repeat&#8221; text_orientation=&#8221;justified&#8221;]<\/p>\n<p style=\"text-align: center;\"><b>Na\u0161 vozni park<\/b><\/p>\n<p>[\/et_pb_text][et_pb_text _builder_version=&#8221;3.19.18&#8243; text_font=&#8221;Convergence||||||||&#8221; text_text_color=&#8221;#000000&#8243; text_font_size=&#8221;11px&#8221; header_font=&#8221;||||||||&#8221; header_font_size=&#8221;7px&#8221; background_size=&#8221;initial&#8221; background_position=&#8221;top_left&#8221; background_repeat=&#8221;repeat&#8221; text_orientation=&#8221;justified&#8221; max_width=&#8221;55%&#8221; max_width_tablet=&#8221;90%&#8221; max_width_phone=&#8221;100%&#8221; max_width_last_edited=&#8221;on|desktop&#8221; module_alignment=&#8221;center&#8221;]<\/p>\n<h6 style=\"text-align: center;\"><em>klikom na prilo\u017eenu fotografiju pregledajte fotogaleriju na\u0161eg voznog parka<\/em><\/h6>\n<p>[\/et_pb_text][et_pb_gallery gallery_ids=&#8221;346,345,347,348,349,350,351,352,641,640,901&#8243; gallery_orderby=&#8221;rand&#8221; fullwidth=&#8221;on&#8221; _builder_version=&#8221;3.19.18&#8243; border_radii=&#8221;on|35px|35px|35px|35px&#8221; border_width_all=&#8221;5px&#8221; border_color_all=&#8221;#bababa&#8221; max_width=&#8221;48%&#8221; module_alignment=&#8221;center&#8221;][\/et_pb_gallery][\/et_pb_column][\/et_pb_row][\/et_pb_section]<\/p>\n","protected":false},"excerpt":{"rendered":"<p>[et_pb_section fb_built=&#8221;1&#8243; admin_label=&#8221;section&#8221; _builder_version=&#8221;3.19.18&#8243; background_color=&#8221;#ffffff&#8221; use_background_color_gradient=&#8221;on&#8221; background_color_gradient_start=&#8221;#ffffff&#8221; background_color_gradient_end=&#8221;#ffffff&#8221; background_color_gradient_type=&#8221;radial&#8221; background_color_gradient_start_position=&#8221;52%&#8221;][et_pb_row custom_padding=&#8221;27px|0px|10px|0px|false|false&#8221; admin_label=&#8221;row&#8221; _builder_version=&#8221;3.19.18&#8243; background_size=&#8221;initial&#8221; background_position=&#8221;top_left&#8221; background_repeat=&#8221;repeat&#8221;][et_pb_column type=&#8221;4_4&#8243; _builder_version=&#8221;3.0.47&#8243;][et_pb_text _builder_version=&#8221;3.19.18&#8243; text_font=&#8221;Convergence|700|||||||&#8221; text_text_color=&#8221;#000000&#8243; background_size=&#8221;initial&#8221; background_position=&#8221;top_left&#8221; background_repeat=&#8221;repeat&#8221; text_orientation=&#8221;justified&#8221;] \u010cisto\u0107a Imotske krajine d.o.o. je dru\u0161tvo s ograni\u010denom odgovorno\u0161\u0107u registrirano za sakupljanje i zbrinjavanje otpada, recikla\u017eu nemetalnih ostataka i otpadaka. Obavlja\u00a0 poslove sakupljanja komunalnog otpada kao i izdvojenog otpada: papir, [&hellip;]<\/p>\n","protected":false},"author":1,"featured_media":0,"parent":0,"menu_order":0,"comment_status":"closed","ping_status":"closed","template":"","meta":{"_et_pb_use_builder":"on","_et_pb_old_content":"<!-- wp:paragraph -->\r\n<p><strong>\u010cisto\u0107a Imotske krajine\r\nd.o.o. je dru\u0161tvo s ograni\u010denom odgovorno\u0161\u0107u registrirano za sakupljanje i\r\nzbrinjavanje otpada, recikla\u017eu nemetalnih ostataka i otpadaka, i druge poslove\r\nopisane u poglavlju <a\r\nhref=\"http:\/\/cistoca-imotske-krajine.hr\/usluge\/\">Usluge<\/a>.<\/strong><\/p>\r\n<!-- \/wp:paragraph -->\r\n\r\n<!-- wp:paragraph -->\r\n<p><strong>Obavlja\u00a0 poslove sakupljanja komunalnog otpada kao i\r\nizdvojenog otpada: papir, plastika, staklo, tekstil i biootpad za op\u0107ine:\r\nPodbablje, Prolo\u017eac, Cista Provo, Lovre\u0107, Runovi\u0107, Zmijavci, Lokvi\u010di\u0107i,\r\nZagvozd.<\/strong><\/p>\r\n<!-- \/wp:paragraph -->\r\n\r\n<!-- wp:paragraph -->\r\n<p><strong>Zbrinjavanje otpada se vr\u0161i\r\nna odlagali\u0161tu Kozja\u010di\u0107 smje\u0161tenom na podru\u010dju grada Imotskog u naselju Vinjani\r\nGornji .<\/strong><\/p>\r\n<!-- \/wp:paragraph -->\r\n\r\n<!-- wp:paragraph -->\r\n<p><strong>Izdvojeni otpad se odla\u017ee na\r\nprostoru odre\u0111enom za recikla\u017eno dvori\u0161te na lokaciji odlagali\u0161ta Kozja\u010di\u0107.<\/strong><\/p>\r\n<!-- \/wp:paragraph -->\r\n\r\n<!-- wp:paragraph -->\r\n<p><strong>Dru\u0161tvo je u vlasni\u0161tvu\r\nop\u0107ina Podbablje, Prolo\u017eac, Cista Provo, Lovre\u0107, Runovi\u0107, Zmijavci, Lokvi\u010di\u0107i,\r\nZagvozd.<\/strong><\/p>\r\n<!-- \/wp:paragraph -->\r\n\r\n<!-- wp:paragraph -->\r\n<p><strong>Organi dru\u0161tva su:<\/strong><\/p>\r\n<!-- \/wp:paragraph -->\r\n\r\n<!-- wp:paragraph -->\r\n<p><strong><ul><\/strong><\/p>\r\n<!-- \/wp:paragraph -->\r\n\r\n<!-- wp:paragraph -->\r\n<p><strong>\u00a0\u00a0\u00a0\u00a0\u00a0\u00a0\u00a0\u00a0\u00a0\u00a0\u00a0\u00a0\u00a0\u00a0\u00a0 <li>Skup\u0161tina<\/li><\/strong><\/p>\r\n<!-- \/wp:paragraph -->\r\n\r\n<!-- wp:paragraph -->\r\n<p><strong>\u00a0\u00a0\u00a0\u00a0\u00a0\u00a0\u00a0\u00a0\u00a0\u00a0\u00a0\u00a0\u00a0\u00a0\u00a0 <li>Uprava<\/li><\/strong><\/p>\r\n<!-- \/wp:paragraph -->\r\n\r\n<!-- wp:paragraph -->\r\n<p><strong><\/ul><\/strong><\/p>\r\n<!-- \/wp:paragraph -->\r\n\r\n<!-- wp:paragraph -->\r\n<p><strong>\u00a0<\/strong><\/p>\r\n<!-- \/wp:paragraph -->\r\n\r\n<!-- wp:paragraph -->\r\n<p><strong><h3>Skup\u0161tina<\/h3><\/strong><\/p>\r\n<!-- \/wp:paragraph -->\r\n\r\n<!-- wp:paragraph -->\r\n<p><strong>Skup\u0161tina Dru\u0161tva odlu\u010duje o:\r\ngodi\u0161njem financijskom izvje\u0161\u0107u, pove\u0107anju i smanjenju temeljnog kapitala,\r\npodjeli i povla\u010denja poslovnih udjela, statusnim promjenama, raspodjeli dobiti,\r\no cijeni pru\u017eanja usluge, o izboru i razrje\u0161enju \u010dlana Uprave \u2013 direktora.<\/strong><\/p>\r\n<!-- \/wp:paragraph -->\r\n\r\n<!-- wp:paragraph -->\r\n<p><strong>Skup\u0161tina Dru\u0161tva broji 8\r\n\u010dlanova:<\/strong><\/p>\r\n<!-- \/wp:paragraph -->\r\n\r\n<!-- wp:paragraph -->\r\n<p><strong><ul><\/strong><\/p>\r\n<!-- \/wp:paragraph -->\r\n\r\n<!-- wp:paragraph -->\r\n<p><strong>\u00a0\u00a0\u00a0\u00a0\u00a0\u00a0\u00a0\u00a0\u00a0\u00a0\u00a0\u00a0\u00a0\u00a0\u00a0 <li>Op\u0107ina\r\nPodbablje \u2013 Mate Matkovi\u0107<\/li><\/strong><\/p>\r\n<!-- \/wp:paragraph -->\r\n\r\n<!-- wp:paragraph -->\r\n<p><strong>\u00a0\u00a0\u00a0\u00a0\u00a0\u00a0\u00a0\u00a0\u00a0\u00a0\u00a0\u00a0\u00a0\u00a0\u00a0 <li>Op\u0107ina\r\nProlo\u017eac \u2013 Mate Lasi\u0107<\/li><\/strong><\/p>\r\n<!-- \/wp:paragraph -->\r\n\r\n<!-- wp:paragraph -->\r\n<p><strong>\u00a0\u00a0\u00a0\u00a0\u00a0\u00a0\u00a0\u00a0\u00a0\u00a0\u00a0\u00a0\u00a0\u00a0\u00a0 <li>Op\u0107ina\r\nCista Provo \u2013 Bo\u017eo \u010cubi\u0107<\/li><\/strong><\/p>\r\n<!-- \/wp:paragraph -->\r\n\r\n<!-- wp:paragraph -->\r\n<p><strong>\u00a0\u00a0\u00a0\u00a0\u00a0\u00a0\u00a0\u00a0\u00a0\u00a0\u00a0\u00a0\u00a0\u00a0\u00a0 <li>Op\u0107ina\r\nLovre\u0107 \u2013 Jozo Skender<\/li><\/strong><\/p>\r\n<!-- \/wp:paragraph -->\r\n\r\n<!-- wp:paragraph -->\r\n<p><strong>\u00a0\u00a0\u00a0\u00a0\u00a0\u00a0\u00a0\u00a0\u00a0\u00a0\u00a0\u00a0\u00a0\u00a0\u00a0 <li>Op\u0107ina\r\nRunovi\u0107 \u2013 Mario Repu\u0161i\u0107<\/li><\/strong><\/p>\r\n<!-- \/wp:paragraph -->\r\n\r\n<!-- wp:paragraph -->\r\n<p><strong>\u00a0\u00a0\u00a0\u00a0\u00a0\u00a0\u00a0\u00a0\u00a0\u00a0\u00a0\u00a0\u00a0\u00a0\u00a0 <li>Op\u0107ina\r\nZmijavci \u2013 Miroslav Karoglan<\/li><\/strong><\/p>\r\n<!-- \/wp:paragraph -->\r\n\r\n<!-- wp:paragraph -->\r\n<p><strong>\u00a0\u00a0\u00a0\u00a0\u00a0\u00a0\u00a0\u00a0\u00a0\u00a0\u00a0\u00a0\u00a0\u00a0\u00a0 <li>Op\u0107ina\r\nLokvi\u010di\u0107i \u2013 Branko Knezovi\u0107<\/li><\/strong><\/p>\r\n<!-- \/wp:paragraph -->\r\n\r\n<!-- wp:paragraph -->\r\n<p><strong>\u00a0\u00a0\u00a0\u00a0\u00a0\u00a0\u00a0\u00a0\u00a0\u00a0\u00a0\u00a0\u00a0\u00a0\u00a0 <li>Op\u0107ina\r\nZagvozd \u2013 Miroslav Ga\u0107e<\/li><\/strong><\/p>\r\n<!-- \/wp:paragraph -->\r\n\r\n<!-- wp:paragraph -->\r\n<p><strong><\/ul><\/strong><\/p>\r\n<!-- \/wp:paragraph -->\r\n\r\n<!-- wp:paragraph -->\r\n<p><strong>\u00a0<\/strong><\/p>\r\n<!-- \/wp:paragraph -->\r\n\r\n<!-- wp:paragraph -->\r\n<p><strong><h3>Uprava<\/h3><\/strong><\/p>\r\n<!-- \/wp:paragraph -->\r\n\r\n<!-- wp:paragraph -->\r\n<p><strong>Uprava Dru\u0161tva se sastoji od\r\njednog \u010dlana, direktora Dru\u0161tva.<\/strong><\/p>\r\n<!-- \/wp:paragraph -->\r\n\r\n<!-- wp:paragraph -->\r\n<p><strong>Direktora imenuje Skup\u0161tina\r\nna 4 godine s tim da ga se mo\u017ee ponovno imenovati.<\/strong><\/p>\r\n<!-- \/wp:paragraph -->\r\n\r\n<!-- wp:paragraph -->\r\n<p><strong>Uprava Dru\u0161tva vodi poslove\r\nsukladno Dru\u0161tvenom Ugovoru i odlukama Skup\u0161tine.<\/strong><\/p>\r\n<!-- \/wp:paragraph -->\r\n\r\n<!-- wp:paragraph -->\r\n<p><strong>Direktor \u010cisto\u0107e Imotske\r\nkrajine d.o.o.\u00a0 je Ante Jovi\u0107, dipl.oec.<\/strong><\/p>\r\n<!-- \/wp:paragraph -->","footnotes":""},"class_list":["post-70","page","type-page","status-publish","hentry"],"_links":{"self":[{"href":"https:\/\/cistoca-imotske-krajine.hr\/cms\/wp-json\/wp\/v2\/pages\/70","targetHints":{"allow":["GET"]}}],"collection":[{"href":"https:\/\/cistoca-imotske-krajine.hr\/cms\/wp-json\/wp\/v2\/pages"}],"about":[{"href":"https:\/\/cistoca-imotske-krajine.hr\/cms\/wp-json\/wp\/v2\/types\/page"}],"author":[{"embeddable":true,"href":"https:\/\/cistoca-imotske-krajine.hr\/cms\/wp-json\/wp\/v2\/users\/1"}],"replies":[{"embeddable":true,"href":"https:\/\/cistoca-imotske-krajine.hr\/cms\/wp-json\/wp\/v2\/comments?post=70"}],"version-history":[{"count":59,"href":"https:\/\/cistoca-imotske-krajine.hr\/cms\/wp-json\/wp\/v2\/pages\/70\/revisions"}],"predecessor-version":[{"id":903,"href":"https:\/\/cistoca-imotske-krajine.hr\/cms\/wp-json\/wp\/v2\/pages\/70\/revisions\/903"}],"wp:attachment":[{"href":"https:\/\/cistoca-imotske-krajine.hr\/cms\/wp-json\/wp\/v2\/media?parent=70"}],"curies":[{"name":"wp","href":"https:\/\/api.w.org\/{rel}","templated":true}]}}